{"id":14,"date":"2020-03-30T18:08:17","date_gmt":"2020-03-30T16:08:17","guid":{"rendered":"https:\/\/ozea.fr\/esat-claude-martiniere\/?page_id=14"},"modified":"2026-03-12T16:35:16","modified_gmt":"2026-03-12T15:35:16","slug":"accueil","status":"publish","type":"page","link":"https:\/\/ozea.fr\/esat-claude-martiniere\/","title":{"rendered":"Accueil"},"content":{"rendered":"\t\t<div data-elementor-type=\"wp-page\" data-elementor-id=\"14\" class=\"elementor elementor-14\" data-elementor-post-type=\"page\">\n\t\t\t\t\t\t<section class=\"elementor-section elementor-top-section elementor-element elementor-element-c7ccb63 elementor-section-height-min-height elementor-section-boxed elementor-section-height-default elementor-section-items-middle\" data-id=\"c7ccb63\" data-element_type=\"section\" data-e-type=\"section\" data-settings=\"{&quot;background_background&quot;:&quot;classic&quot;}\">\n\t\t\t\t\t\t\t<div class=\"elementor-background-overlay\"><\/div>\n\t\t\t\t\t\t\t<div class=\"elementor-container elementor-column-gap-default\">\n\t\t\t\t\t<div class=\"elementor-column elementor-col-100 elementor-top-column elementor-element elementor-element-e71a48f\" data-id=\"e71a48f\" data-element_type=\"column\" data-e-type=\"column\">\n\t\t\t<div class=\"elementor-widget-wrap elementor-element-populated\">\n\t\t\t\t\t\t<div class=\"elementor-element elementor-element-39dc2c8 elementor-widget elementor-widget-heading\" data-id=\"39dc2c8\" data-element_type=\"widget\" data-e-type=\"widget\" data-widget_type=\"heading.default\">\n\t\t\t\t<div class=\"elementor-widget-container\">\n\t\t\t\t\t<h1 class=\"elementor-heading-title elementor-size-default\">ESAT<br>Claude Martini\u00e8re<\/h1>\t\t\t\t<\/div>\n\t\t\t\t<\/div>\n\t\t\t\t<div class=\"elementor-element elementor-element-d5d13bc elementor-align-center elementor-widget elementor-widget-button\" data-id=\"d5d13bc\" data-element_type=\"widget\" data-e-type=\"widget\" data-widget_type=\"button.default\">\n\t\t\t\t<div class=\"elementor-widget-container\">\n\t\t\t\t\t\t\t\t\t<div class=\"elementor-button-wrapper\">\n\t\t\t\t\t<a class=\"elementor-button elementor-button-link elementor-size-sm\" href=\"#nos-services\">\n\t\t\t\t\t\t<span class=\"elementor-button-content-wrapper\">\n\t\t\t\t\t\t\t\t\t<span class=\"elementor-button-text\">D\u00e9couvrir<\/span>\n\t\t\t\t\t<\/span>\n\t\t\t\t\t<\/a>\n\t\t\t\t<\/div>\n\t\t\t\t\t\t\t\t<\/div>\n\t\t\t\t<\/div>\n\t\t\t\t\t<\/div>\n\t\t<\/div>\n\t\t\t\t\t<\/div>\n\t\t<\/section>\n\t\t\t\t<section class=\"elementor-section elementor-top-section elementor-element elementor-element-c77cc3d elementor-section-boxed elementor-section-height-default elementor-section-height-default\" data-id=\"c77cc3d\" data-element_type=\"section\" data-e-type=\"section\" data-settings=\"{&quot;background_background&quot;:&quot;classic&quot;}\">\n\t\t\t\t\t\t<div class=\"elementor-container elementor-column-gap-default\">\n\t\t\t\t\t<div class=\"elementor-column elementor-col-100 elementor-top-column elementor-element elementor-element-c06c7c4\" data-id=\"c06c7c4\" data-element_type=\"column\" data-e-type=\"column\">\n\t\t\t<div class=\"elementor-widget-wrap elementor-element-populated\">\n\t\t\t\t\t\t<div class=\"elementor-element elementor-element-daef3e8 elementor-widget elementor-widget-menu-anchor\" data-id=\"daef3e8\" data-element_type=\"widget\" data-e-type=\"widget\" data-widget_type=\"menu-anchor.default\">\n\t\t\t\t<div class=\"elementor-widget-container\">\n\t\t\t\t\t\t\t<div class=\"elementor-menu-anchor\" id=\"nos-services\"><\/div>\n\t\t\t\t\t\t<\/div>\n\t\t\t\t<\/div>\n\t\t\t\t<div class=\"elementor-element elementor-element-ca03fe7 elementor-widget elementor-widget-heading\" data-id=\"ca03fe7\" data-element_type=\"widget\" data-e-type=\"widget\" data-widget_type=\"heading.default\">\n\t\t\t\t<div class=\"elementor-widget-container\">\n\t\t\t\t\t<h2 class=\"elementor-heading-title elementor-size-default\">nos produits et prestations<\/h2>\t\t\t\t<\/div>\n\t\t\t\t<\/div>\n\t\t\t\t<div class=\"elementor-element elementor-element-8803f4a elementor-widget elementor-widget-heading\" data-id=\"8803f4a\" data-element_type=\"widget\" data-e-type=\"widget\" data-widget_type=\"heading.default\">\n\t\t\t\t<div class=\"elementor-widget-container\">\n\t\t\t\t\t<h4 class=\"elementor-heading-title elementor-size-default\">L\u2019ESAT Claude Martini\u00e8re de l'Association Oz\u00e9a vous propose une large gamme de produits bouchers et charcutiers bio issus de la ferme de Tr\u00e9valot.<br>Il fabrique et propose divers conditionnements et pr\u00e9sentoirs standards ou sur mesure adapt\u00e9s \u00e0 vos besoins ainsi que du mobilier exterieur et urbain adaptable aux personnes a mobilit\u00e9 r\u00e9duite.<br>l'Esat Claude Martini\u00e8re intervient aupr\u00e8s des particuliers, des entreprises et des collectivit\u00e9s pour l'entretien des parcs et jardins.<br>Il propose \u00e9galement ses services aupr\u00e8s des entreprises pour l'entretien de locaux communs ou pour des missions de conditionnement alimentaire et non alimentaire... <\/h4>\t\t\t\t<\/div>\n\t\t\t\t<\/div>\n\t\t\t\t\t<\/div>\n\t\t<\/div>\n\t\t\t\t\t<\/div>\n\t\t<\/section>\n\t\t\t\t<section class=\"elementor-section elementor-top-section elementor-element elementor-element-20662c7 elementor-section-boxed elementor-section-height-default elementor-section-height-default\" data-id=\"20662c7\" data-element_type=\"section\" data-e-type=\"section\" data-settings=\"{&quot;background_background&quot;:&quot;classic&quot;}\">\n\t\t\t\t\t\t<div class=\"elementor-container elementor-column-gap-wider\">\n\t\t\t\t\t<div class=\"elementor-column elementor-col-33 elementor-top-column elementor-element elementor-element-1279680\" data-id=\"1279680\" data-element_type=\"column\" data-e-type=\"column\" data-settings=\"{&quot;background_background&quot;:&quot;classic&quot;}\">\n\t\t\t<div class=\"elementor-widget-wrap elementor-element-populated\">\n\t\t\t\t\t\t<div class=\"elementor-element elementor-element-e46cb62 elementor-widget elementor-widget-image\" data-id=\"e46cb62\" data-element_type=\"widget\" data-e-type=\"widget\" data-widget_type=\"image.default\">\n\t\t\t\t<div class=\"elementor-widget-container\">\n\t\t\t\t\t\t\t\t\t\t\t\t\t\t\t\t<a href=\"https:\/\/ozea.fr\/esat-claude-martiniere\/boucherie-charcuterie\/\">\n\t\t\t\t\t\t\t<img fetchpriority=\"high\" decoding=\"async\" width=\"768\" height=\"498\" src=\"https:\/\/ozea.fr\/esat-claude-martiniere\/wp-content\/uploads\/sites\/2\/2024\/08\/IMG_1958-e1722957277830-768x498.jpg\" class=\"attachment-medium_large size-medium_large wp-image-434\" alt=\"\" srcset=\"https:\/\/ozea.fr\/esat-claude-martiniere\/wp-content\/uploads\/sites\/2\/2024\/08\/IMG_1958-e1722957277830-768x498.jpg 768w, https:\/\/ozea.fr\/esat-claude-martiniere\/wp-content\/uploads\/sites\/2\/2024\/08\/IMG_1958-e1722957277830-300x195.jpg 300w, https:\/\/ozea.fr\/esat-claude-martiniere\/wp-content\/uploads\/sites\/2\/2024\/08\/IMG_1958-e1722957277830.jpg 896w\" sizes=\"(max-width: 768px) 100vw, 768px\" \/>\t\t\t\t\t\t\t\t<\/a>\n\t\t\t\t\t\t\t\t\t\t\t\t\t\t\t<\/div>\n\t\t\t\t<\/div>\n\t\t\t\t<div class=\"elementor-element elementor-element-dc931fc elementor-widget elementor-widget-heading\" data-id=\"dc931fc\" data-element_type=\"widget\" data-e-type=\"widget\" data-widget_type=\"heading.default\">\n\t\t\t\t<div class=\"elementor-widget-container\">\n\t\t\t\t\t<h3 class=\"elementor-heading-title elementor-size-default\"><a href=\"https:\/\/ozea.fr\/esat-claude-martiniere\/boucherie-charcuterie\/\">Boucherie - Charcuterie<\/a><\/h3>\t\t\t\t<\/div>\n\t\t\t\t<\/div>\n\t\t\t\t<div class=\"elementor-element elementor-element-1e081d6 elementor-widget elementor-widget-text-editor\" data-id=\"1e081d6\" data-element_type=\"widget\" data-e-type=\"widget\" id=\"reader14\" data-widget_type=\"text-editor.default\">\n\t\t\t\t<div class=\"elementor-widget-container\">\n\t\t\t\t\t\t\t\t\t<p>La boucherie &#8211; charcuterie transforme et fabrique une large gamme de produits bouchers et charcutiers artisanaux et traditionnels \u00e0 partir des productions bio de la ferme de Tr\u00e9valot. Ces produits sont vendus sur les march\u00e9s locaux et en direct \u00e0 l&rsquo;ESAT Claude Martini\u00e8re \u00e0 Sca\u00ebr.<\/p>\t\t\t\t\t\t\t\t<\/div>\n\t\t\t\t<\/div>\n\t\t\t\t<div class=\"elementor-element elementor-element-a1b18ad elementor-view-default elementor-widget elementor-widget-icon\" data-id=\"a1b18ad\" data-element_type=\"widget\" data-e-type=\"widget\" data-widget_type=\"icon.default\">\n\t\t\t\t<div class=\"elementor-widget-container\">\n\t\t\t\t\t\t\t<div class=\"elementor-icon-wrapper\">\n\t\t\t<a class=\"elementor-icon\" href=\"https:\/\/ozea.fr\/esat-claude-martiniere\/boucherie-charcuterie\/\">\n\t\t\t<i aria-hidden=\"true\" class=\"fas fa-plus\"><\/i>\t\t\t<\/a>\n\t\t<\/div>\n\t\t\t\t\t\t<\/div>\n\t\t\t\t<\/div>\n\t\t\t\t\t<\/div>\n\t\t<\/div>\n\t\t\t\t<div class=\"elementor-column elementor-col-33 elementor-top-column elementor-element elementor-element-c3b1e10\" data-id=\"c3b1e10\" data-element_type=\"column\" data-e-type=\"column\" id=\"reader14\" data-settings=\"{&quot;background_background&quot;:&quot;classic&quot;}\">\n\t\t\t<div class=\"elementor-widget-wrap elementor-element-populated\">\n\t\t\t\t\t\t<div class=\"elementor-element elementor-element-0b20674 elementor-widget elementor-widget-image\" data-id=\"0b20674\" data-element_type=\"widget\" data-e-type=\"widget\" data-widget_type=\"image.default\">\n\t\t\t\t<div class=\"elementor-widget-container\">\n\t\t\t\t\t\t\t\t\t\t\t\t\t\t\t\t<a href=\"https:\/\/ozea.fr\/esat-claude-martiniere\/menuiserie\/\">\n\t\t\t\t\t\t\t<img decoding=\"async\" width=\"768\" height=\"505\" src=\"https:\/\/ozea.fr\/esat-claude-martiniere\/wp-content\/uploads\/sites\/2\/2024\/08\/IMG_1978-e1723012954288-768x505.jpg\" class=\"attachment-medium_large size-medium_large wp-image-435\" alt=\"Menuiserie de l&#039;ESAT Claude Martini\u00e8re\" srcset=\"https:\/\/ozea.fr\/esat-claude-martiniere\/wp-content\/uploads\/sites\/2\/2024\/08\/IMG_1978-e1723012954288-768x505.jpg 768w, https:\/\/ozea.fr\/esat-claude-martiniere\/wp-content\/uploads\/sites\/2\/2024\/08\/IMG_1978-e1723012954288-300x197.jpg 300w, https:\/\/ozea.fr\/esat-claude-martiniere\/wp-content\/uploads\/sites\/2\/2024\/08\/IMG_1978-e1723012954288.jpg 795w\" sizes=\"(max-width: 768px) 100vw, 768px\" \/>\t\t\t\t\t\t\t\t<\/a>\n\t\t\t\t\t\t\t\t\t\t\t\t\t\t\t<\/div>\n\t\t\t\t<\/div>\n\t\t\t\t<div class=\"elementor-element elementor-element-d0579c8 elementor-widget elementor-widget-heading\" data-id=\"d0579c8\" data-element_type=\"widget\" data-e-type=\"widget\" data-widget_type=\"heading.default\">\n\t\t\t\t<div class=\"elementor-widget-container\">\n\t\t\t\t\t<h3 class=\"elementor-heading-title elementor-size-default\"><a href=\"https:\/\/ozea.fr\/esat-claude-martiniere\/menuiserie\/\">Menuiserie<\/a><\/h3>\t\t\t\t<\/div>\n\t\t\t\t<\/div>\n\t\t\t\t<div class=\"elementor-element elementor-element-9da75f9 elementor-widget elementor-widget-text-editor\" data-id=\"9da75f9\" data-element_type=\"widget\" data-e-type=\"widget\" id=\"reader14\" data-widget_type=\"text-editor.default\">\n\t\t\t\t<div class=\"elementor-widget-container\">\n\t\t\t\t\t\t\t\t\t<p>La menuiserie fabrique artisanalement des conditionnements et des agencements. Ces r\u00e9alisations peuvent \u00eatre aussi bien standards qu&rsquo;uniques, sur mesure ou en s\u00e9ries limit\u00e9es. L&rsquo;ESAT Claude Martini\u00e8re propose du mobilier ext\u00e9rieur et urbain adapt\u00e9 ou adaptable aux personnes \u00e0 mobilit\u00e9 r\u00e9duite.<\/p>\t\t\t\t\t\t\t\t<\/div>\n\t\t\t\t<\/div>\n\t\t\t\t<div class=\"elementor-element elementor-element-8e554fc elementor-view-default elementor-widget elementor-widget-icon\" data-id=\"8e554fc\" data-element_type=\"widget\" data-e-type=\"widget\" data-widget_type=\"icon.default\">\n\t\t\t\t<div class=\"elementor-widget-container\">\n\t\t\t\t\t\t\t<div class=\"elementor-icon-wrapper\">\n\t\t\t<a class=\"elementor-icon\" href=\"https:\/\/ozea.fr\/esat-claude-martiniere\/menuiserie\/\">\n\t\t\t<i aria-hidden=\"true\" class=\"fas fa-plus\"><\/i>\t\t\t<\/a>\n\t\t<\/div>\n\t\t\t\t\t\t<\/div>\n\t\t\t\t<\/div>\n\t\t\t\t\t<\/div>\n\t\t<\/div>\n\t\t\t\t<div class=\"elementor-column elementor-col-33 elementor-top-column elementor-element elementor-element-0f9f10d\" data-id=\"0f9f10d\" data-element_type=\"column\" data-e-type=\"column\" id=\"reader14\" data-settings=\"{&quot;background_background&quot;:&quot;classic&quot;}\">\n\t\t\t<div class=\"elementor-widget-wrap elementor-element-populated\">\n\t\t\t\t\t\t<div class=\"elementor-element elementor-element-44c883d elementor-widget elementor-widget-image\" data-id=\"44c883d\" data-element_type=\"widget\" data-e-type=\"widget\" data-widget_type=\"image.default\">\n\t\t\t\t<div class=\"elementor-widget-container\">\n\t\t\t\t\t\t\t\t\t\t\t\t\t\t\t\t<a href=\"https:\/\/ozea.fr\/esat-claude-martiniere\/prestations-de-services\/\">\n\t\t\t\t\t\t\t<img decoding=\"async\" width=\"756\" height=\"495\" src=\"https:\/\/ozea.fr\/esat-claude-martiniere\/wp-content\/uploads\/sites\/2\/2024\/08\/IMG_2501-e1723013815731.jpg\" class=\"attachment-medium_large size-medium_large wp-image-484\" alt=\"\" srcset=\"https:\/\/ozea.fr\/esat-claude-martiniere\/wp-content\/uploads\/sites\/2\/2024\/08\/IMG_2501-e1723013815731.jpg 756w, https:\/\/ozea.fr\/esat-claude-martiniere\/wp-content\/uploads\/sites\/2\/2024\/08\/IMG_2501-e1723013815731-300x196.jpg 300w\" sizes=\"(max-width: 756px) 100vw, 756px\" \/>\t\t\t\t\t\t\t\t<\/a>\n\t\t\t\t\t\t\t\t\t\t\t\t\t\t\t<\/div>\n\t\t\t\t<\/div>\n\t\t\t\t<div class=\"elementor-element elementor-element-a2e3e89 elementor-widget elementor-widget-heading\" data-id=\"a2e3e89\" data-element_type=\"widget\" data-e-type=\"widget\" data-widget_type=\"heading.default\">\n\t\t\t\t<div class=\"elementor-widget-container\">\n\t\t\t\t\t<h3 class=\"elementor-heading-title elementor-size-default\"><a href=\"https:\/\/ozea.fr\/esat-claude-martiniere\/prestations-de-services\/\">Prestations de services<\/a><\/h3>\t\t\t\t<\/div>\n\t\t\t\t<\/div>\n\t\t\t\t<div class=\"elementor-element elementor-element-b5abdd1 elementor-widget elementor-widget-text-editor\" data-id=\"b5abdd1\" data-element_type=\"widget\" data-e-type=\"widget\" id=\"reader14\" data-widget_type=\"text-editor.default\">\n\t\t\t\t<div class=\"elementor-widget-container\">\n\t\t\t\t\t\t\t\t\t<p>L&rsquo;ESAT Claude Martini\u00e8re vise \u00e0 l&rsquo;insertion professionnelle des personnes en situation de handicap qu&rsquo;il accompagne et propose des services et prestations aux entreprises et aux collectivit\u00e9s qui souhaitent externaliser ou renforcer leurs \u00e9quipes sur certaines t\u00e2ches ponctuelles ou r\u00e9guli\u00e8res.<\/p>\t\t\t\t\t\t\t\t<\/div>\n\t\t\t\t<\/div>\n\t\t\t\t<div class=\"elementor-element elementor-element-562b952 elementor-view-default elementor-widget elementor-widget-icon\" data-id=\"562b952\" data-element_type=\"widget\" data-e-type=\"widget\" data-widget_type=\"icon.default\">\n\t\t\t\t<div class=\"elementor-widget-container\">\n\t\t\t\t\t\t\t<div class=\"elementor-icon-wrapper\">\n\t\t\t<a class=\"elementor-icon\" href=\"https:\/\/ozea.fr\/esat-claude-martiniere\/prestations-de-services\/\">\n\t\t\t<i aria-hidden=\"true\" class=\"fas fa-plus\"><\/i>\t\t\t<\/a>\n\t\t<\/div>\n\t\t\t\t\t\t<\/div>\n\t\t\t\t<\/div>\n\t\t\t\t\t<\/div>\n\t\t<\/div>\n\t\t\t\t\t<\/div>\n\t\t<\/section>\n\t\t\t\t<section class=\"elementor-section elementor-top-section elementor-element elementor-element-6aa3517 elementor-section-boxed elementor-section-height-default elementor-section-height-default\" data-id=\"6aa3517\" data-element_type=\"section\" data-e-type=\"section\" data-settings=\"{&quot;background_background&quot;:&quot;classic&quot;}\">\n\t\t\t\t\t\t<div class=\"elementor-container elementor-column-gap-wider\">\n\t\t\t\t\t<div class=\"elementor-column elementor-col-25 elementor-top-column elementor-element elementor-element-f06bed6\" data-id=\"f06bed6\" data-element_type=\"column\" data-e-type=\"column\">\n\t\t\t<div class=\"elementor-widget-wrap\">\n\t\t\t\t\t\t\t<\/div>\n\t\t<\/div>\n\t\t\t\t<div class=\"elementor-column elementor-col-25 elementor-top-column elementor-element elementor-element-e7f03bd\" data-id=\"e7f03bd\" data-element_type=\"column\" data-e-type=\"column\" id=\"reader14\" data-settings=\"{&quot;background_background&quot;:&quot;classic&quot;}\">\n\t\t\t<div class=\"elementor-widget-wrap elementor-element-populated\">\n\t\t\t\t\t\t<div class=\"elementor-element elementor-element-8584413 elementor-widget elementor-widget-image\" data-id=\"8584413\" data-element_type=\"widget\" data-e-type=\"widget\" data-widget_type=\"image.default\">\n\t\t\t\t<div class=\"elementor-widget-container\">\n\t\t\t\t\t\t\t\t\t\t\t\t\t\t\t\t<a href=\"https:\/\/ozea.fr\/esat-claude-martiniere\/espaces-vert\/\">\n\t\t\t\t\t\t\t<img loading=\"lazy\" decoding=\"async\" width=\"768\" height=\"512\" src=\"https:\/\/ozea.fr\/esat-claude-martiniere\/wp-content\/uploads\/sites\/2\/2020\/03\/atelier-espaces-verts-768x512.jpg\" class=\"attachment-medium_large size-medium_large wp-image-69\" alt=\"\" srcset=\"https:\/\/ozea.fr\/esat-claude-martiniere\/wp-content\/uploads\/sites\/2\/2020\/03\/atelier-espaces-verts-768x512.jpg 768w, https:\/\/ozea.fr\/esat-claude-martiniere\/wp-content\/uploads\/sites\/2\/2020\/03\/atelier-espaces-verts-300x200.jpg 300w, https:\/\/ozea.fr\/esat-claude-martiniere\/wp-content\/uploads\/sites\/2\/2020\/03\/atelier-espaces-verts-1024x683.jpg 1024w, https:\/\/ozea.fr\/esat-claude-martiniere\/wp-content\/uploads\/sites\/2\/2020\/03\/atelier-espaces-verts-1536x1024.jpg 1536w, https:\/\/ozea.fr\/esat-claude-martiniere\/wp-content\/uploads\/sites\/2\/2020\/03\/atelier-espaces-verts.jpg 1800w\" sizes=\"(max-width: 768px) 100vw, 768px\" \/>\t\t\t\t\t\t\t\t<\/a>\n\t\t\t\t\t\t\t\t\t\t\t\t\t\t\t<\/div>\n\t\t\t\t<\/div>\n\t\t\t\t<div class=\"elementor-element elementor-element-824a59a elementor-widget elementor-widget-heading\" data-id=\"824a59a\" data-element_type=\"widget\" data-e-type=\"widget\" data-widget_type=\"heading.default\">\n\t\t\t\t<div class=\"elementor-widget-container\">\n\t\t\t\t\t<h3 class=\"elementor-heading-title elementor-size-default\"><a href=\"https:\/\/ozea.fr\/esat-claude-martiniere\/espaces-vert\/\">Espaces vertS<\/a><\/h3>\t\t\t\t<\/div>\n\t\t\t\t<\/div>\n\t\t\t\t<div class=\"elementor-element elementor-element-950ce8b elementor-widget elementor-widget-text-editor\" data-id=\"950ce8b\" data-element_type=\"widget\" data-e-type=\"widget\" id=\"reader14\" data-widget_type=\"text-editor.default\">\n\t\t\t\t<div class=\"elementor-widget-container\">\n\t\t\t\t\t\t\t\t\t<p>L&rsquo;ESAT Claude Martini\u00e8re intervient dans un rayon de 20 km autour de la ville de Sca\u00ebr et propose ses services \u00e0 une client\u00e8le de particuliers et d\u2019entreprises pour l\u2019entretien de pelouses, le d\u00e9broussaillage, la taille de haies&#8230;<\/p>\t\t\t\t\t\t\t\t<\/div>\n\t\t\t\t<\/div>\n\t\t\t\t<div class=\"elementor-element elementor-element-4b8a502 elementor-view-default elementor-widget elementor-widget-icon\" data-id=\"4b8a502\" data-element_type=\"widget\" data-e-type=\"widget\" data-widget_type=\"icon.default\">\n\t\t\t\t<div class=\"elementor-widget-container\">\n\t\t\t\t\t\t\t<div class=\"elementor-icon-wrapper\">\n\t\t\t<a class=\"elementor-icon\" href=\"https:\/\/ozea.fr\/esat-claude-martiniere\/espaces-vert\/\">\n\t\t\t<i aria-hidden=\"true\" class=\"fas fa-plus\"><\/i>\t\t\t<\/a>\n\t\t<\/div>\n\t\t\t\t\t\t<\/div>\n\t\t\t\t<\/div>\n\t\t\t\t\t<\/div>\n\t\t<\/div>\n\t\t\t\t<div class=\"elementor-column elementor-col-25 elementor-top-column elementor-element elementor-element-79c4f08\" data-id=\"79c4f08\" data-element_type=\"column\" data-e-type=\"column\" id=\"reader14\" data-settings=\"{&quot;background_background&quot;:&quot;classic&quot;}\">\n\t\t\t<div class=\"elementor-widget-wrap elementor-element-populated\">\n\t\t\t\t\t\t<div class=\"elementor-element elementor-element-a504b96 elementor-widget elementor-widget-image\" data-id=\"a504b96\" data-element_type=\"widget\" data-e-type=\"widget\" data-widget_type=\"image.default\">\n\t\t\t\t<div class=\"elementor-widget-container\">\n\t\t\t\t\t\t\t\t\t\t\t\t\t\t\t\t<a href=\"https:\/\/ozea.fr\/esat-claude-martiniere\/la-ferme-de-trevalot\/\">\n\t\t\t\t\t\t\t<img loading=\"lazy\" decoding=\"async\" width=\"768\" height=\"512\" src=\"https:\/\/ozea.fr\/esat-claude-martiniere\/wp-content\/uploads\/sites\/2\/2020\/03\/atelier-ferme-trevalot2-768x512.jpg\" class=\"attachment-medium_large size-medium_large wp-image-75\" alt=\"\" srcset=\"https:\/\/ozea.fr\/esat-claude-martiniere\/wp-content\/uploads\/sites\/2\/2020\/03\/atelier-ferme-trevalot2-768x512.jpg 768w, https:\/\/ozea.fr\/esat-claude-martiniere\/wp-content\/uploads\/sites\/2\/2020\/03\/atelier-ferme-trevalot2-300x200.jpg 300w, https:\/\/ozea.fr\/esat-claude-martiniere\/wp-content\/uploads\/sites\/2\/2020\/03\/atelier-ferme-trevalot2-1024x683.jpg 1024w, https:\/\/ozea.fr\/esat-claude-martiniere\/wp-content\/uploads\/sites\/2\/2020\/03\/atelier-ferme-trevalot2-1536x1024.jpg 1536w, https:\/\/ozea.fr\/esat-claude-martiniere\/wp-content\/uploads\/sites\/2\/2020\/03\/atelier-ferme-trevalot2.jpg 1800w\" sizes=\"(max-width: 768px) 100vw, 768px\" \/>\t\t\t\t\t\t\t\t<\/a>\n\t\t\t\t\t\t\t\t\t\t\t\t\t\t\t<\/div>\n\t\t\t\t<\/div>\n\t\t\t\t<div class=\"elementor-element elementor-element-6469d8f elementor-widget elementor-widget-heading\" data-id=\"6469d8f\" data-element_type=\"widget\" data-e-type=\"widget\" data-widget_type=\"heading.default\">\n\t\t\t\t<div class=\"elementor-widget-container\">\n\t\t\t\t\t<h3 class=\"elementor-heading-title elementor-size-default\"><a href=\"https:\/\/ozea.fr\/esat-claude-martiniere\/la-ferme-de-trevalot\/\">La ferme de Tr\u00e9valot<\/a><\/h3>\t\t\t\t<\/div>\n\t\t\t\t<\/div>\n\t\t\t\t<div class=\"elementor-element elementor-element-12e8e4c elementor-widget__width-initial elementor-widget elementor-widget-text-editor\" data-id=\"12e8e4c\" data-element_type=\"widget\" data-e-type=\"widget\" id=\"reader14\" data-widget_type=\"text-editor.default\">\n\t\t\t\t<div class=\"elementor-widget-container\">\n\t\t\t\t\t\t\t\t\t<p>La ferme de Tr\u00e9valot situ\u00e9e \u00e0 Coadry, est exploit\u00e9e depuis 1990 selon les r\u00e8gles de l&rsquo;agriculture biologique et \u00e9co-responsable. La ferme de Tr\u00e9valot pratique l\u2019\u00e9levage de porcs, de poulets, de pintades, de canards et de vaches de race Salers allaitantes et produit des cultures fourrag\u00e8res ainsi que des l\u00e9gumes.<\/p>\t\t\t\t\t\t\t\t<\/div>\n\t\t\t\t<\/div>\n\t\t\t\t<div class=\"elementor-element elementor-element-31affc2 elementor-view-default elementor-widget elementor-widget-icon\" data-id=\"31affc2\" data-element_type=\"widget\" data-e-type=\"widget\" data-widget_type=\"icon.default\">\n\t\t\t\t<div class=\"elementor-widget-container\">\n\t\t\t\t\t\t\t<div class=\"elementor-icon-wrapper\">\n\t\t\t<a class=\"elementor-icon\" href=\"https:\/\/ozea.fr\/esat-claude-martiniere\/la-ferme-de-trevalot\/\">\n\t\t\t<i aria-hidden=\"true\" class=\"fas fa-plus\"><\/i>\t\t\t<\/a>\n\t\t<\/div>\n\t\t\t\t\t\t<\/div>\n\t\t\t\t<\/div>\n\t\t\t\t\t<\/div>\n\t\t<\/div>\n\t\t\t\t<div class=\"elementor-column elementor-col-25 elementor-top-column elementor-element elementor-element-c564713\" data-id=\"c564713\" data-element_type=\"column\" data-e-type=\"column\">\n\t\t\t<div class=\"elementor-widget-wrap\">\n\t\t\t\t\t\t\t<\/div>\n\t\t<\/div>\n\t\t\t\t\t<\/div>\n\t\t<\/section>\n\t\t\t\t<section class=\"elementor-section elementor-top-section elementor-element elementor-element-5d634ff elementor-section-boxed elementor-section-height-default elementor-section-height-default\" data-id=\"5d634ff\" data-element_type=\"section\" data-e-type=\"section\" data-settings=\"{&quot;background_background&quot;:&quot;classic&quot;}\">\n\t\t\t\t\t\t<div class=\"elementor-container elementor-column-gap-default\">\n\t\t\t\t\t<div class=\"elementor-column elementor-col-100 elementor-top-column elementor-element elementor-element-d1962c2\" data-id=\"d1962c2\" data-element_type=\"column\" data-e-type=\"column\">\n\t\t\t<div class=\"elementor-widget-wrap elementor-element-populated\">\n\t\t\t\t\t\t<div class=\"elementor-element elementor-element-9280956 elementor-widget elementor-widget-menu-anchor\" data-id=\"9280956\" data-element_type=\"widget\" data-e-type=\"widget\" data-widget_type=\"menu-anchor.default\">\n\t\t\t\t<div class=\"elementor-widget-container\">\n\t\t\t\t\t\t\t<div class=\"elementor-menu-anchor\" id=\"qui-sommes-nous\"><\/div>\n\t\t\t\t\t\t<\/div>\n\t\t\t\t<\/div>\n\t\t\t\t<div class=\"elementor-element elementor-element-eb591e2 elementor-widget elementor-widget-heading\" data-id=\"eb591e2\" data-element_type=\"widget\" data-e-type=\"widget\" data-widget_type=\"heading.default\">\n\t\t\t\t<div class=\"elementor-widget-container\">\n\t\t\t\t\t<h2 class=\"elementor-heading-title elementor-size-default\">Qui sommes nous ?<\/h2>\t\t\t\t<\/div>\n\t\t\t\t<\/div>\n\t\t\t\t<div class=\"elementor-element elementor-element-2f9c535 elementor-widget elementor-widget-heading\" data-id=\"2f9c535\" data-element_type=\"widget\" data-e-type=\"widget\" data-widget_type=\"heading.default\">\n\t\t\t\t<div class=\"elementor-widget-container\">\n\t\t\t\t\t<h3 class=\"elementor-heading-title elementor-size-default\">L'ESAT Claude Martini\u00e8re accueille des adultes en situation de handicap au sein de 5 ateliers<\/h3>\t\t\t\t<\/div>\n\t\t\t\t<\/div>\n\t\t\t\t<div class=\"elementor-element elementor-element-a8a2885 ee-trigger-align--right elementor-widget elementor-widget-unfold\" data-id=\"a8a2885\" data-element_type=\"widget\" data-e-type=\"widget\" data-settings=\"{&quot;visible_percentage&quot;:{&quot;unit&quot;:&quot;px&quot;,&quot;size&quot;:&quot;32&quot;,&quot;sizes&quot;:[]},&quot;duration_unfold&quot;:{&quot;unit&quot;:&quot;px&quot;,&quot;size&quot;:0.5,&quot;sizes&quot;:[]},&quot;animation_unfold&quot;:&quot;Power4&quot;,&quot;easing_unfold&quot;:&quot;easeInOut&quot;,&quot;duration_fold&quot;:{&quot;unit&quot;:&quot;px&quot;,&quot;size&quot;:0.5,&quot;sizes&quot;:[]},&quot;animation_fold&quot;:&quot;Power4&quot;,&quot;easing_fold&quot;:&quot;easeInOut&quot;}\" data-widget_type=\"unfold.default\">\n\t\t\t\t<div class=\"elementor-widget-container\">\n\t\t\t\t\t<div class=\"ee-unfold\">\n\t\t\t<div class=\"ee-unfold__mask\">\n\t\t\t\t<div class=\"ee-unfold__content\">\n\t\t\t\t\t<p>L&rsquo;ESAT Claude Martini\u00e8re, \u00e9tablissement du p\u00f4le inclusion professionnelle de l&rsquo;Association Oz\u00e9a permet aux personnes en situation de handicap, avec une orientation ESAT d\u00e9livr\u00e9e par la CDAPH, d&rsquo;exercer une activit\u00e9 professionnelle tout en b\u00e9n\u00e9ficiant d&rsquo;un soutien m\u00e9dico-social et \u00e9ducatif dans un milieu prot\u00e9g\u00e9.<\/p><p>Il offre \u00e0 chaque travailleur handicap\u00e9 la possibilit\u00e9 de trouver une place en rapport avec ses capacit\u00e9s et ses objectifs, et des activit\u00e9s de production adapt\u00e9es et diversifi\u00e9es de fa\u00e7on \u00e0 permettre des r\u00e9alisations valorisantes indispensables au d\u00e9veloppement de la personnalit\u00e9, de la qualification et de la formation de chacun.<\/p><p>A cela s\u2019ajoute des temps de soutien aux activit\u00e9s professionnelles ou extra-professionnelles, tremplins pour une inclusion professionnelle pour l\u2019exercice d\u2019une pleine citoyennet\u00e9.<\/p><p><b>Un Projet d\u2019Accompagnement Personnalis\u00e9 (PAP) est d\u00e9fini pour chaque personne handicap\u00e9e<\/b>, conform\u00e9ment \u00e0 la loi du 2 janvier 2002 et \u00e0 celle du 11 f\u00e9vrier 2005. Ce projet est \u00e9tabli avec la personne handicap\u00e9e en lien avec l\u2019\u00e9quipe pluridisciplinaire et en association avec la famille ou le tuteur l\u00e9gal.<\/p><p>Ce PAP vise \u00e0 d\u00e9velopper les capacit\u00e9s intellectuelles, manuelles, la socialisation, l\u2019autonomie, la sant\u00e9 et le bien-\u00eatre. Les besoins en formations professionnelles y sont \u00e9galement abord\u00e9s afin de favoriser le d\u00e9veloppement des comp\u00e9tences.<\/p>\t\t\t\t<\/div>\n\t\t\t\t<div class=\"ee-unfold__separator\"><\/div>\n\t\t\t<\/div>\n\t\t\t<div class=\"ee-unfold__trigger\">\n\t\t\t\t<span class=\"ee-button-wrapper\">\n\t\t\t\t\t<span class=\"ee-button ee-size-sm\">\n\t\t\t\t\t\t<span class=\"ee-button-content-wrapper\"><span class=\"ee-icon ee-icon-support--svg ee-icon--left ee-button-icon ee-unfold__icon ee-unfold__icon--closed\"><i aria-hidden=\"true\" class=\"fas fa-plus\"><\/i><\/span><span class=\"ee-icon ee-icon-support--svg ee-icon--left ee-button-icon ee-unfold__icon ee-unfold__icon--open\"><i aria-hidden=\"true\" class=\"fas fa-minus\"><\/i><\/span><span class=\"ee-button-text\" data-close-label=\" \" data-open-label=\" \"> <\/span>\n\t\t<\/span>\n\t\t\t\t\t\t\t<\/span>\n\t\t\t\t<\/span>\n\t\t\t<\/div>\n\t\t<\/div>\t\t\t\t<\/div>\n\t\t\t\t<\/div>\n\t\t\t\t\t<\/div>\n\t\t<\/div>\n\t\t\t\t\t<\/div>\n\t\t<\/section>\n\t\t\t\t<section class=\"elementor-section elementor-top-section elementor-element elementor-element-907cf9f elementor-section-boxed elementor-section-height-default elementor-section-height-default\" data-id=\"907cf9f\" data-element_type=\"section\" data-e-type=\"section\">\n\t\t\t\t\t\t<div class=\"elementor-container elementor-column-gap-default\">\n\t\t\t\t\t<div class=\"elementor-column elementor-col-100 elementor-top-column elementor-element elementor-element-1d1a3a3\" data-id=\"1d1a3a3\" data-element_type=\"column\" data-e-type=\"column\">\n\t\t\t<div class=\"elementor-widget-wrap elementor-element-populated\">\n\t\t\t\t\t\t<div class=\"elementor-element elementor-element-0d4eb28 elementor-widget elementor-widget-gallery\" data-id=\"0d4eb28\" data-element_type=\"widget\" data-e-type=\"widget\" data-settings=\"{&quot;gallery_layout&quot;:&quot;justified&quot;,&quot;gap&quot;:{&quot;unit&quot;:&quot;px&quot;,&quot;size&quot;:&quot;23&quot;,&quot;sizes&quot;:[]},&quot;lazyload&quot;:&quot;yes&quot;,&quot;ideal_row_height&quot;:{&quot;unit&quot;:&quot;px&quot;,&quot;size&quot;:200,&quot;sizes&quot;:[]},&quot;ideal_row_height_tablet&quot;:{&quot;unit&quot;:&quot;px&quot;,&quot;size&quot;:150,&quot;sizes&quot;:[]},&quot;ideal_row_height_mobile&quot;:{&quot;unit&quot;:&quot;px&quot;,&quot;size&quot;:150,&quot;sizes&quot;:[]},&quot;gap_tablet&quot;:{&quot;unit&quot;:&quot;px&quot;,&quot;size&quot;:10,&quot;sizes&quot;:[]},&quot;gap_mobile&quot;:{&quot;unit&quot;:&quot;px&quot;,&quot;size&quot;:10,&quot;sizes&quot;:[]},&quot;link_to&quot;:&quot;file&quot;,&quot;overlay_background&quot;:&quot;yes&quot;,&quot;content_hover_animation&quot;:&quot;fade-in&quot;}\" data-widget_type=\"gallery.default\">\n\t\t\t\t<div class=\"elementor-widget-container\">\n\t\t\t\t\t\t\t<div class=\"elementor-gallery__container\">\n\t\t\t\t\t\t\t<a class=\"e-gallery-item elementor-gallery-item elementor-animated-content\" href=\"https:\/\/ozea.fr\/esat-claude-martiniere\/wp-content\/uploads\/sites\/2\/2023\/05\/BD_BleuJaune_EUS_Logos2022_Regions_RVB_Bretagne-1.png\" data-elementor-open-lightbox=\"yes\" data-elementor-lightbox-slideshow=\"0d4eb28\" data-elementor-lightbox-title=\"BD_BleuJaune_EUS_Logos2022_Regions_RVB_Bretagne-1\" data-e-action-hash=\"#elementor-action%3Aaction%3Dlightbox%26settings%3DeyJpZCI6Mjk0LCJ1cmwiOiJodHRwczpcL1wvb3plYS5mclwvZXNhdC1jbGF1ZGUtbWFydGluaWVyZVwvd3AtY29udGVudFwvdXBsb2Fkc1wvc2l0ZXNcLzJcLzIwMjNcLzA1XC9CRF9CbGV1SmF1bmVfRVVTX0xvZ29zMjAyMl9SZWdpb25zX1JWQl9CcmV0YWduZS0xLnBuZyIsInNsaWRlc2hvdyI6IjBkNGViMjgifQ%3D%3D\">\n\t\t\t\t\t<div class=\"e-gallery-image elementor-gallery-item__image\" data-thumbnail=\"https:\/\/ozea.fr\/esat-claude-martiniere\/wp-content\/uploads\/sites\/2\/2023\/05\/BD_BleuJaune_EUS_Logos2022_Regions_RVB_Bretagne-1.png\" data-width=\"194\" data-height=\"137\" aria-label=\"\" role=\"img\" ><\/div>\n\t\t\t\t\t\t\t\t\t\t\t<div class=\"elementor-gallery-item__overlay\"><\/div>\n\t\t\t\t\t\t\t\t\t\t\t\t\t\t<\/a>\n\t\t\t\t\t\t\t<a class=\"e-gallery-item elementor-gallery-item elementor-animated-content\" href=\"https:\/\/ozea.fr\/esat-claude-martiniere\/wp-content\/uploads\/sites\/2\/2023\/05\/Embleme-UE_base_Mentions_Cofinance-Bleu.png\" data-elementor-open-lightbox=\"yes\" data-elementor-lightbox-slideshow=\"0d4eb28\" data-elementor-lightbox-title=\"Embleme-UE_base_Mentions_Cofinance-Bleu\" data-e-action-hash=\"#elementor-action%3Aaction%3Dlightbox%26settings%3DeyJpZCI6MjkyLCJ1cmwiOiJodHRwczpcL1wvb3plYS5mclwvZXNhdC1jbGF1ZGUtbWFydGluaWVyZVwvd3AtY29udGVudFwvdXBsb2Fkc1wvc2l0ZXNcLzJcLzIwMjNcLzA1XC9FbWJsZW1lLVVFX2Jhc2VfTWVudGlvbnNfQ29maW5hbmNlLUJsZXUucG5nIiwic2xpZGVzaG93IjoiMGQ0ZWIyOCJ9\">\n\t\t\t\t\t<div class=\"e-gallery-image elementor-gallery-item__image\" data-thumbnail=\"https:\/\/ozea.fr\/esat-claude-martiniere\/wp-content\/uploads\/sites\/2\/2023\/05\/Embleme-UE_base_Mentions_Cofinance-Bleu-768x165.png\" data-width=\"768\" data-height=\"165\" aria-label=\"\" role=\"img\" ><\/div>\n\t\t\t\t\t\t\t\t\t\t\t<div class=\"elementor-gallery-item__overlay\"><\/div>\n\t\t\t\t\t\t\t\t\t\t\t\t\t\t<\/a>\n\t\t\t\t\t<\/div>\n\t\t\t\t\t<\/div>\n\t\t\t\t<\/div>\n\t\t\t\t\t<\/div>\n\t\t<\/div>\n\t\t\t\t\t<\/div>\n\t\t<\/section>\n\t\t\t\t<\/div>\n\t\t","protected":false},"excerpt":{"rendered":"<p>ESATClaude Martini\u00e8re D\u00e9couvrir nos produits et prestations L\u2019ESAT Claude Martini\u00e8re de l&rsquo;Association Oz\u00e9a vous propose une large gamme de produits bouchers et charcutiers bio issus de la ferme de Tr\u00e9valot.Il fabrique et propose divers conditionnements et pr\u00e9sentoirs standards ou sur mesure adapt\u00e9s \u00e0 vos besoins ainsi que du mobilier exterieur et urbain adaptable aux personnes [&hellip;]<\/p>\n","protected":false},"author":1,"featured_media":0,"parent":0,"menu_order":0,"comment_status":"closed","ping_status":"closed","template":"","meta":{"footnotes":""},"class_list":["post-14","page","type-page","status-publish","hentry"],"yoast_head":"<!-- This site is optimized with the Yoast SEO plugin v27.5 - https:\/\/yoast.com\/product\/yoast-seo-wordpress\/ -->\n<title>Accueil - ESAT Claude Martini\u00e8re<\/title>\n<meta name=\"description\" content=\"L&#039;ESAT Claude Martini\u00e8re de l&#039;Association Oz\u00e9a \u00e0 SCAER : accueille des adultes handicap\u00e9s au sein de 5 ateliers, l&#039;atelier charcuterie, la ferme de Tr\u00e9valot, l&#039;atelier menuiserie, l&#039;atelier restauration, l&#039;atelier espaces verts.\" \/>\n<meta name=\"robots\" content=\"index, follow, max-snippet:-1, max-image-preview:large, max-video-preview:-1\" \/>\n<link rel=\"canonical\" href=\"https:\/\/ozea.fr\/esat-claude-martiniere\/\" \/>\n<meta property=\"og:locale\" content=\"fr_FR\" \/>\n<meta property=\"og:type\" content=\"article\" \/>\n<meta property=\"og:title\" content=\"Accueil - ESAT Claude Martini\u00e8re\" \/>\n<meta property=\"og:description\" content=\"L&#039;ESAT Claude Martini\u00e8re de l&#039;Association Oz\u00e9a \u00e0 SCAER : accueille des adultes handicap\u00e9s au sein de 5 ateliers, l&#039;atelier charcuterie, la ferme de Tr\u00e9valot, l&#039;atelier menuiserie, l&#039;atelier restauration, l&#039;atelier espaces verts.\" \/>\n<meta property=\"og:url\" content=\"https:\/\/ozea.fr\/esat-claude-martiniere\/\" \/>\n<meta property=\"og:site_name\" content=\"ESAT Claude Martini\u00e8re\" \/>\n<meta property=\"article:modified_time\" content=\"2026-03-12T15:35:16+00:00\" \/>\n<meta property=\"og:image\" content=\"https:\/\/ozea.fr\/esat-claude-martiniere\/wp-content\/uploads\/sites\/2\/2024\/08\/IMG_1958-e1722957277830.jpg\" \/>\n\t<meta property=\"og:image:width\" content=\"896\" \/>\n\t<meta property=\"og:image:height\" content=\"581\" \/>\n\t<meta property=\"og:image:type\" content=\"image\/jpeg\" \/>\n<meta name=\"twitter:card\" content=\"summary_large_image\" \/>\n<meta name=\"twitter:label1\" content=\"Dur\u00e9e de lecture estim\u00e9e\" \/>\n\t<meta name=\"twitter:data1\" content=\"4 minutes\" \/>\n<script type=\"application\/ld+json\" class=\"yoast-schema-graph\">{\"@context\":\"https:\\\/\\\/schema.org\",\"@graph\":[{\"@type\":\"WebPage\",\"@id\":\"https:\\\/\\\/ozea.fr\\\/esat-claude-martiniere\\\/\",\"url\":\"https:\\\/\\\/ozea.fr\\\/esat-claude-martiniere\\\/\",\"name\":\"Accueil - ESAT Claude Martini\u00e8re\",\"isPartOf\":{\"@id\":\"https:\\\/\\\/ozea.fr\\\/esat-claude-martiniere\\\/#website\"},\"primaryImageOfPage\":{\"@id\":\"https:\\\/\\\/ozea.fr\\\/esat-claude-martiniere\\\/#primaryimage\"},\"image\":{\"@id\":\"https:\\\/\\\/ozea.fr\\\/esat-claude-martiniere\\\/#primaryimage\"},\"thumbnailUrl\":\"https:\\\/\\\/ozea.fr\\\/esat-claude-martiniere\\\/wp-content\\\/uploads\\\/sites\\\/2\\\/2024\\\/08\\\/IMG_1958-e1722957277830-768x498.jpg\",\"datePublished\":\"2020-03-30T16:08:17+00:00\",\"dateModified\":\"2026-03-12T15:35:16+00:00\",\"description\":\"L'ESAT Claude Martini\u00e8re de l'Association Oz\u00e9a \u00e0 SCAER : accueille des adultes handicap\u00e9s au sein de 5 ateliers, l'atelier charcuterie, la ferme de Tr\u00e9valot, l'atelier menuiserie, l'atelier restauration, l'atelier espaces verts.\",\"breadcrumb\":{\"@id\":\"https:\\\/\\\/ozea.fr\\\/esat-claude-martiniere\\\/#breadcrumb\"},\"inLanguage\":\"fr-FR\",\"potentialAction\":[{\"@type\":\"ReadAction\",\"target\":[\"https:\\\/\\\/ozea.fr\\\/esat-claude-martiniere\\\/\"]}]},{\"@type\":\"ImageObject\",\"inLanguage\":\"fr-FR\",\"@id\":\"https:\\\/\\\/ozea.fr\\\/esat-claude-martiniere\\\/#primaryimage\",\"url\":\"https:\\\/\\\/ozea.fr\\\/esat-claude-martiniere\\\/wp-content\\\/uploads\\\/sites\\\/2\\\/2024\\\/08\\\/IMG_1958-e1722957277830.jpg\",\"contentUrl\":\"https:\\\/\\\/ozea.fr\\\/esat-claude-martiniere\\\/wp-content\\\/uploads\\\/sites\\\/2\\\/2024\\\/08\\\/IMG_1958-e1722957277830.jpg\",\"width\":896,\"height\":581},{\"@type\":\"BreadcrumbList\",\"@id\":\"https:\\\/\\\/ozea.fr\\\/esat-claude-martiniere\\\/#breadcrumb\",\"itemListElement\":[{\"@type\":\"ListItem\",\"position\":1,\"name\":\"Accueil\",\"item\":\"https:\\\/\\\/ozea.fr\\\/esat-claude-martiniere\\\/\"},{\"@type\":\"ListItem\",\"position\":2,\"name\":\"Accueil\"}]},{\"@type\":\"WebSite\",\"@id\":\"https:\\\/\\\/ozea.fr\\\/esat-claude-martiniere\\\/#website\",\"url\":\"https:\\\/\\\/ozea.fr\\\/esat-claude-martiniere\\\/\",\"name\":\"ESAT Claude Martini\u00e8re\",\"description\":\"Un \u00e9tablissement de l&#039;Apahj 22 29 35\",\"potentialAction\":[{\"@type\":\"SearchAction\",\"target\":{\"@type\":\"EntryPoint\",\"urlTemplate\":\"https:\\\/\\\/ozea.fr\\\/esat-claude-martiniere\\\/?s={search_term_string}\"},\"query-input\":{\"@type\":\"PropertyValueSpecification\",\"valueRequired\":true,\"valueName\":\"search_term_string\"}}],\"inLanguage\":\"fr-FR\"}]}<\/script>\n<!-- \/ Yoast SEO plugin. -->","yoast_head_json":{"title":"Accueil - ESAT Claude Martini\u00e8re","description":"L'ESAT Claude Martini\u00e8re de l'Association Oz\u00e9a \u00e0 SCAER : accueille des adultes handicap\u00e9s au sein de 5 ateliers, l'atelier charcuterie, la ferme de Tr\u00e9valot, l'atelier menuiserie, l'atelier restauration, l'atelier espaces verts.","robots":{"index":"index","follow":"follow","max-snippet":"max-snippet:-1","max-image-preview":"max-image-preview:large","max-video-preview":"max-video-preview:-1"},"canonical":"https:\/\/ozea.fr\/esat-claude-martiniere\/","og_locale":"fr_FR","og_type":"article","og_title":"Accueil - ESAT Claude Martini\u00e8re","og_description":"L'ESAT Claude Martini\u00e8re de l'Association Oz\u00e9a \u00e0 SCAER : accueille des adultes handicap\u00e9s au sein de 5 ateliers, l'atelier charcuterie, la ferme de Tr\u00e9valot, l'atelier menuiserie, l'atelier restauration, l'atelier espaces verts.","og_url":"https:\/\/ozea.fr\/esat-claude-martiniere\/","og_site_name":"ESAT Claude Martini\u00e8re","article_modified_time":"2026-03-12T15:35:16+00:00","og_image":[{"width":896,"height":581,"url":"https:\/\/ozea.fr\/esat-claude-martiniere\/wp-content\/uploads\/sites\/2\/2024\/08\/IMG_1958-e1722957277830.jpg","type":"image\/jpeg"}],"twitter_card":"summary_large_image","twitter_misc":{"Dur\u00e9e de lecture estim\u00e9e":"4 minutes"},"schema":{"@context":"https:\/\/schema.org","@graph":[{"@type":"WebPage","@id":"https:\/\/ozea.fr\/esat-claude-martiniere\/","url":"https:\/\/ozea.fr\/esat-claude-martiniere\/","name":"Accueil - ESAT Claude Martini\u00e8re","isPartOf":{"@id":"https:\/\/ozea.fr\/esat-claude-martiniere\/#website"},"primaryImageOfPage":{"@id":"https:\/\/ozea.fr\/esat-claude-martiniere\/#primaryimage"},"image":{"@id":"https:\/\/ozea.fr\/esat-claude-martiniere\/#primaryimage"},"thumbnailUrl":"https:\/\/ozea.fr\/esat-claude-martiniere\/wp-content\/uploads\/sites\/2\/2024\/08\/IMG_1958-e1722957277830-768x498.jpg","datePublished":"2020-03-30T16:08:17+00:00","dateModified":"2026-03-12T15:35:16+00:00","description":"L'ESAT Claude Martini\u00e8re de l'Association Oz\u00e9a \u00e0 SCAER : accueille des adultes handicap\u00e9s au sein de 5 ateliers, l'atelier charcuterie, la ferme de Tr\u00e9valot, l'atelier menuiserie, l'atelier restauration, l'atelier espaces verts.","breadcrumb":{"@id":"https:\/\/ozea.fr\/esat-claude-martiniere\/#breadcrumb"},"inLanguage":"fr-FR","potentialAction":[{"@type":"ReadAction","target":["https:\/\/ozea.fr\/esat-claude-martiniere\/"]}]},{"@type":"ImageObject","inLanguage":"fr-FR","@id":"https:\/\/ozea.fr\/esat-claude-martiniere\/#primaryimage","url":"https:\/\/ozea.fr\/esat-claude-martiniere\/wp-content\/uploads\/sites\/2\/2024\/08\/IMG_1958-e1722957277830.jpg","contentUrl":"https:\/\/ozea.fr\/esat-claude-martiniere\/wp-content\/uploads\/sites\/2\/2024\/08\/IMG_1958-e1722957277830.jpg","width":896,"height":581},{"@type":"BreadcrumbList","@id":"https:\/\/ozea.fr\/esat-claude-martiniere\/#breadcrumb","itemListElement":[{"@type":"ListItem","position":1,"name":"Accueil","item":"https:\/\/ozea.fr\/esat-claude-martiniere\/"},{"@type":"ListItem","position":2,"name":"Accueil"}]},{"@type":"WebSite","@id":"https:\/\/ozea.fr\/esat-claude-martiniere\/#website","url":"https:\/\/ozea.fr\/esat-claude-martiniere\/","name":"ESAT Claude Martini\u00e8re","description":"Un \u00e9tablissement de l&#039;Apahj 22 29 35","potentialAction":[{"@type":"SearchAction","target":{"@type":"EntryPoint","urlTemplate":"https:\/\/ozea.fr\/esat-claude-martiniere\/?s={search_term_string}"},"query-input":{"@type":"PropertyValueSpecification","valueRequired":true,"valueName":"search_term_string"}}],"inLanguage":"fr-FR"}]}},"_links":{"self":[{"href":"https:\/\/ozea.fr\/esat-claude-martiniere\/wp-json\/wp\/v2\/pages\/14","targetHints":{"allow":["GET"]}}],"collection":[{"href":"https:\/\/ozea.fr\/esat-claude-martiniere\/wp-json\/wp\/v2\/pages"}],"about":[{"href":"https:\/\/ozea.fr\/esat-claude-martiniere\/wp-json\/wp\/v2\/types\/page"}],"author":[{"embeddable":true,"href":"https:\/\/ozea.fr\/esat-claude-martiniere\/wp-json\/wp\/v2\/users\/1"}],"replies":[{"embeddable":true,"href":"https:\/\/ozea.fr\/esat-claude-martiniere\/wp-json\/wp\/v2\/comments?post=14"}],"version-history":[{"count":125,"href":"https:\/\/ozea.fr\/esat-claude-martiniere\/wp-json\/wp\/v2\/pages\/14\/revisions"}],"predecessor-version":[{"id":1145,"href":"https:\/\/ozea.fr\/esat-claude-martiniere\/wp-json\/wp\/v2\/pages\/14\/revisions\/1145"}],"wp:attachment":[{"href":"https:\/\/ozea.fr\/esat-claude-martiniere\/wp-json\/wp\/v2\/media?parent=14"}],"curies":[{"name":"wp","href":"https:\/\/api.w.org\/{rel}","templated":true}]}}